{"id":1081,"date":"2020-05-09T20:32:33","date_gmt":"2020-05-09T18:32:33","guid":{"rendered":"http:\/\/caritas.elblag.pl\/?page_id=1081"},"modified":"2020-05-09T21:44:27","modified_gmt":"2020-05-09T19:44:27","slug":"rodzina-rodzinie","status":"publish","type":"page","link":"http:\/\/caritas.elblag.pl\/?page_id=1081","title":{"rendered":"Rodzina Rodzinie"},"content":{"rendered":"<h3><a href=\"http:\/\/caritas.elblag.pl\/wp-content\/uploads\/2020\/05\/RR_logo-poziom.jpg\"><img loading=\"lazy\" decoding=\"async\" class=\"alignnone size-large wp-image-1091\" src=\"http:\/\/caritas.elblag.pl\/wp-content\/uploads\/2020\/05\/RR_logo-poziom-1024x339.jpg\" alt=\"\" width=\"747\" height=\"247\" srcset=\"http:\/\/caritas.elblag.pl\/wp-content\/uploads\/2020\/05\/RR_logo-poziom-1024x339.jpg 1024w, http:\/\/caritas.elblag.pl\/wp-content\/uploads\/2020\/05\/RR_logo-poziom-300x99.jpg 300w, http:\/\/caritas.elblag.pl\/wp-content\/uploads\/2020\/05\/RR_logo-poziom-768x255.jpg 768w\" sizes=\"auto, (max-width: 747px) 100vw, 747px\" \/><\/a><\/h3>\n<h3>Program Rodzina Rodzinie to najwi\u0119kszy program pomocy zagranicznej w historii Caritas Polska oraz najwi\u0119kszy program pomocy humanitarnej w historii Polski, w wyj\u0105tkowy spos\u00f3b \u0142\u0105cz\u0105cy pomoc dora\u017an\u0105 z wczesnym wspomaganiem wychodzenia z kryzysu humanitarnego. Jest on odpowiedzi\u0105 na dramatyczn\u0105 sytuacj\u0119 rodzin poszkodowanych w konfliktach zbrojnych. Zosta\u0142 uruchomiony w pa\u017adzierniku 2016 roku i od tego czasu dzi\u0119ki dobremu sercu i ofiarno\u015bci Polak\u00f3w, w pierwszych trzech latach dzia\u0142ania, potrzebuj\u0105cym rodzinom przekazano ponad 52 miliony z\u0142otych, a kolejne 4 miliony z\u0142otych zosta\u0142y przeznaczone na wsparcie dla przedsi\u0119biorc\u00f3w.<\/h3>\n<p>&nbsp;<\/p>\n<p><strong>KOMU POMAGASZ?<\/strong><\/p>\n<table>\n<tbody>\n<tr>\n<td width=\"160\"><strong>RODZINOM W SYRII<\/strong><\/td>\n<td width=\"160\"><strong>RODZINOM W STREFIE GAZY<\/strong><\/td>\n<td width=\"160\"><strong>MIKROPRZEDSI\u0118BIORCOM<\/strong><\/td>\n<\/tr>\n<tr>\n<td width=\"160\">Wojna w Syrii zamieni\u0142a w piek\u0142o \u017cycie ponad 23 milion\u00f3w Syryjczyk\u00f3w. Po\u0142owa z nich w poszukiwaniu bezpiecze\u0144stwa, musia\u0142a ucieka\u0107 ze swoich dom\u00f3w. Co trzecie gospodarstwo domowe jest zad\u0142u\u017cone. W wyniku wojny rodziny trac\u0105 bliskich, \u017cyj\u0105 w ci\u0105g\u0142ym napi\u0119ciu i strachu. Bezrobocie si\u0119ga ponad 55% spo\u0142ecze\u0144stwa, a w ub\u00f3stwie \u017cyje 84% mieszka\u0144c\u00f3w Syrii. Co\u00a0 wi\u0119cej, Aleppo jest jednym z najbardziej zniszczonych miast w Syrii.<\/td>\n<td width=\"160\">W Stefie Gazy mieszka niemal 2 miliony ludzi w warunkach pogarszaj\u0105cych si\u0119 stale ze wzgl\u0119du na wieloletni konflikt. Przez ostatnie 15 lat mieszka\u0144cy Gazy do\u015bwiadczyli 4 wojen oraz sta\u0142ej blokady przep\u0142ywu d\u00f3br. Ci\u0119\u017cko w Gazie o prac\u0119, a czysta woda jest luksusem. Liczba rdzennych chrze\u015bcijan spad\u0142a do nieco ponad 800 os\u00f3b! W ramach programu Rodzina Rodzinie od stycznia 2020 docieramy z pomoc\u0105 do 100 rodzin w Strefie Gazy.<\/td>\n<td width=\"160\">Od maja 2018 roku do programu Rodzina Rodzinie wprowadzono nowy modu\u0142 wsparcia drobnych przedsi\u0119biorc\u00f3w w zniszczonym przez wojn\u0119 Aleppo. Dzi\u0119ki \u015brodkom finansowym od polskich darczy\u0144c\u00f3w, ponad 300 przedsi\u0119biorc\u00f3w wr\u00f3ci\u0142o do zawodu. Otwarto zak\u0142ady krawieckie, sklepy spo\u017cywcze, ma\u0142e restauracje uliczne i warsztaty rzemie\u015blnicze, a na ulice wyjecha\u0142y kolejne taks\u00f3wki.<\/td>\n<\/tr>\n<\/tbody>\n<\/table>\n<p>&nbsp;<\/p>\n<p>Program ma zapewni\u0107 realizacj\u0119 podstawowych potrzeb m.in. wy\u017cywienie, leki, ubrania, op\u0142aty za mieszkanie. Modu\u0142 wsparcia mikroprzedsi\u0119biorc\u00f3w pomaga rodzinom zdolnym do pracy uniezale\u017cni\u0107 si\u0119 od pomocy humanitarnej. Mamy te\u017c nadziej\u0119, \u017ce zw\u0142aszcza m\u0142odzi ludzie odzyskaj\u0105 nadziej\u0119 na lepsz\u0105 przysz\u0142o\u015b\u0107 w ich domu, widz\u0105c \u017ce ich los nie jest oboj\u0119tny dla innych ludzi dobrej woli.<\/p>\n<p>&nbsp;<\/p>\n<p><strong>JAK MO\u017bESZ POM\u00d3C?<\/strong><\/p>\n<h3>Osoby indywidualne, rodziny, stowarzyszenia, wsp\u00f3lnoty, parafie czy jakiekolwiek inne \u015brodowisko \u2013 mo\u017ce wesprze\u0107 rodziny syryjskie, mieszka\u0144c\u00f3w Strefy Gazy b\u0105d\u017a mikroprzedsi\u0119biorc\u0119 za po\u015brednictwem strony internetowej <a href=\"http:\/\/www.rodzinarodzinie.caritas.pl\">www.rodzinarodzinie.caritas.pl<\/a>. Tu nale\u017cy wype\u0142ni\u0107 deklaracj\u0119.<\/h3>\n<p>Od po\u0142owy grudnia 2019 r. wsparcie w\u00a0ramach programu Rodzina Rodzinie, przybiera dwie formy do wyboru:<\/p>\n<ul>\n<li>Patronat roczny\u00a0 \u2013 12-miesi\u0119czne wp\u0142aty w wysoko\u015bci wybranej przez Darczy\u0144c\u0119.<\/li>\n<li>Gest Solidarno\u015bci \u2013 jednorazowa wp\u0142ata w dowolnej wysoko\u015bci.<\/li>\n<\/ul>\n<p><strong>ZOSTA\u0143 LOKALNYM KOORDYNATOREM PROGRAMU Rodzina Rodzinie<\/strong><\/p>\n<p>Je\u015bli chcesz p\u00f3j\u015b\u0107 krok dalej, zaanga\u017cowa\u0107 si\u0119 lokalnie, prze\u017cy\u0107 niesamowit\u0105 przygod\u0119 i pozna\u0107 fantastycznych ludzi \u2013 odezwij si\u0119 do nas, a my podpowiemy Ci, co dalej! To naprawd\u0119 proste!<\/p>\n<table style=\"height: 190px;\" width=\"538\">\n<tbody>\n<tr>\n<td>Telefon:\u00a0+48 22 33 48 500<\/p>\n<p><strong>Katarzyna Waszak<\/strong><\/p>\n<p><strong>Specjalista ds. promocji programu Rodzina Rodzinie<\/strong><\/p>\n<p>E-mail: kwaszak@caritas.org.pl<\/p>\n<p><a href=\"http:\/\/www.caritas.pl\/\"><strong>www.rodzinarodzinie.caritas.pl<\/strong><\/a><\/p>\n<p><a href=\"http:\/\/www.caritas.pl\/\"><strong>www.caritas.pl<\/strong><\/a><\/p>\n<p><a href=\"http:\/\/www.bliskiwschod.caritas.pl\/\"><strong>www.bliskiwschod.caritas.pl\u00a0 \u00a0\u00a0<\/strong><\/a><\/td>\n<\/tr>\n<\/tbody>\n<\/table>\n<p><a href=\"http:\/\/caritas.elblag.pl\/wp-content\/uploads\/2017\/01\/logo_nowe.jpeg\"><img loading=\"lazy\" decoding=\"async\" class=\"alignnone wp-image-514\" src=\"http:\/\/caritas.elblag.pl\/wp-content\/uploads\/2017\/01\/logo_nowe.jpeg\" alt=\"\" width=\"93\" height=\"95\" srcset=\"http:\/\/caritas.elblag.pl\/wp-content\/uploads\/2017\/01\/logo_nowe.jpeg 588w, http:\/\/caritas.elblag.pl\/wp-content\/uploads\/2017\/01\/logo_nowe-294x300.jpeg 294w\" sizes=\"auto, (max-width: 93px) 100vw, 93px\" \/><\/a><\/p>\n<p>&nbsp;<\/p>\n<p><strong>POZNAJ HISTORIE WSPIERANYCH RODZIN<\/strong><\/p>\n<p>Na naszym blogu <a href=\"http:\/\/bliskiwschod.caritas.pl\/\">http:\/\/bliskiwschod.caritas.pl\/<\/a> mo\u017cesz pozna\u0107 historie beneficjent\u00f3w programu oraz dowiedzie\u0107 si\u0119 wi\u0119cej o obecnej sytuacji w Syrii i Strefie Gazy. Tu uzyskasz tak\u017ce informacje o innych projektach prowadzonych przez Caritas Polska na Bliskim Wschodzie.<\/p>\n<p><a href=\"http:\/\/caritas.elblag.pl\/wp-content\/uploads\/2020\/05\/CP_RodzinaRodzinie_Syria_03.jpg\"><img loading=\"lazy\" decoding=\"async\" class=\"alignnone size-large wp-image-1093\" src=\"http:\/\/caritas.elblag.pl\/wp-content\/uploads\/2020\/05\/CP_RodzinaRodzinie_Syria_03-1024x683.jpg\" alt=\"\" width=\"747\" height=\"498\" srcset=\"http:\/\/caritas.elblag.pl\/wp-content\/uploads\/2020\/05\/CP_RodzinaRodzinie_Syria_03-1024x683.jpg 1024w, http:\/\/caritas.elblag.pl\/wp-content\/uploads\/2020\/05\/CP_RodzinaRodzinie_Syria_03-300x200.jpg 300w, http:\/\/caritas.elblag.pl\/wp-content\/uploads\/2020\/05\/CP_RodzinaRodzinie_Syria_03-768x512.jpg 768w\" sizes=\"auto, (max-width: 747px) 100vw, 747px\" \/><\/a><\/p>\n<p><a href=\"http:\/\/caritas.elblag.pl\/wp-content\/uploads\/2020\/05\/CP_RodzinaRodzinie_Syria_06.jpg\"><img loading=\"lazy\" decoding=\"async\" class=\"alignnone size-large wp-image-1094\" src=\"http:\/\/caritas.elblag.pl\/wp-content\/uploads\/2020\/05\/CP_RodzinaRodzinie_Syria_06-1024x683.jpg\" alt=\"\" width=\"747\" height=\"498\" srcset=\"http:\/\/caritas.elblag.pl\/wp-content\/uploads\/2020\/05\/CP_RodzinaRodzinie_Syria_06-1024x683.jpg 1024w, http:\/\/caritas.elblag.pl\/wp-content\/uploads\/2020\/05\/CP_RodzinaRodzinie_Syria_06-300x200.jpg 300w, http:\/\/caritas.elblag.pl\/wp-content\/uploads\/2020\/05\/CP_RodzinaRodzinie_Syria_06-768x512.jpg 768w\" sizes=\"auto, (max-width: 747px) 100vw, 747px\" \/><\/a><\/p>\n<p><a href=\"http:\/\/caritas.elblag.pl\/wp-content\/uploads\/2020\/05\/CP_RodzinaRodzinie_Syria_07.jpg\"><img loading=\"lazy\" decoding=\"async\" class=\"alignnone size-large wp-image-1095\" src=\"http:\/\/caritas.elblag.pl\/wp-content\/uploads\/2020\/05\/CP_RodzinaRodzinie_Syria_07-1024x683.jpg\" alt=\"\" width=\"747\" height=\"498\" srcset=\"http:\/\/caritas.elblag.pl\/wp-content\/uploads\/2020\/05\/CP_RodzinaRodzinie_Syria_07-1024x683.jpg 1024w, http:\/\/caritas.elblag.pl\/wp-content\/uploads\/2020\/05\/CP_RodzinaRodzinie_Syria_07-300x200.jpg 300w, http:\/\/caritas.elblag.pl\/wp-content\/uploads\/2020\/05\/CP_RodzinaRodzinie_Syria_07-768x512.jpg 768w\" sizes=\"auto, (max-width: 747px) 100vw, 747px\" \/><\/a><\/p>\n<p><a href=\"http:\/\/caritas.elblag.pl\/wp-content\/uploads\/2020\/05\/CP_RodzinaRodzinie_Syria_11.jpg\"><img loading=\"lazy\" decoding=\"async\" class=\"alignnone size-large wp-image-1096\" src=\"http:\/\/caritas.elblag.pl\/wp-content\/uploads\/2020\/05\/CP_RodzinaRodzinie_Syria_11-1024x683.jpg\" alt=\"\" width=\"747\" height=\"498\" srcset=\"http:\/\/caritas.elblag.pl\/wp-content\/uploads\/2020\/05\/CP_RodzinaRodzinie_Syria_11-1024x683.jpg 1024w, http:\/\/caritas.elblag.pl\/wp-content\/uploads\/2020\/05\/CP_RodzinaRodzinie_Syria_11-300x200.jpg 300w, http:\/\/caritas.elblag.pl\/wp-content\/uploads\/2020\/05\/CP_RodzinaRodzinie_Syria_11-768x512.jpg 768w\" sizes=\"auto, (max-width: 747px) 100vw, 747px\" \/><\/a><\/p>\n<p><a href=\"http:\/\/caritas.elblag.pl\/wp-content\/uploads\/2020\/05\/CP_RodzinaRodzinie_Syria_14.jpg\"><img loading=\"lazy\" decoding=\"async\" class=\"alignnone size-large wp-image-1097\" src=\"http:\/\/caritas.elblag.pl\/wp-content\/uploads\/2020\/05\/CP_RodzinaRodzinie_Syria_14-1024x683.jpg\" alt=\"\" width=\"747\" height=\"498\" srcset=\"http:\/\/caritas.elblag.pl\/wp-content\/uploads\/2020\/05\/CP_RodzinaRodzinie_Syria_14-1024x683.jpg 1024w, http:\/\/caritas.elblag.pl\/wp-content\/uploads\/2020\/05\/CP_RodzinaRodzinie_Syria_14-300x200.jpg 300w, http:\/\/caritas.elblag.pl\/wp-content\/uploads\/2020\/05\/CP_RodzinaRodzinie_Syria_14-768x512.jpg 768w\" sizes=\"auto, (max-width: 747px) 100vw, 747px\" \/><\/a><\/p>\n<p><a href=\"http:\/\/caritas.elblag.pl\/wp-content\/uploads\/2020\/05\/CP_RodzinaRodzinie_Syria_15.jpg\"><img loading=\"lazy\" decoding=\"async\" class=\"alignnone size-large wp-image-1098\" src=\"http:\/\/caritas.elblag.pl\/wp-content\/uploads\/2020\/05\/CP_RodzinaRodzinie_Syria_15-1024x683.jpg\" alt=\"\" width=\"747\" height=\"498\" srcset=\"http:\/\/caritas.elblag.pl\/wp-content\/uploads\/2020\/05\/CP_RodzinaRodzinie_Syria_15-1024x683.jpg 1024w, http:\/\/caritas.elblag.pl\/wp-content\/uploads\/2020\/05\/CP_RodzinaRodzinie_Syria_15-300x200.jpg 300w, http:\/\/caritas.elblag.pl\/wp-content\/uploads\/2020\/05\/CP_RodzinaRodzinie_Syria_15-768x512.jpg 768w\" sizes=\"auto, (max-width: 747px) 100vw, 747px\" \/><\/a><\/p>\n<p><a href=\"http:\/\/caritas.elblag.pl\/wp-content\/uploads\/2020\/05\/CP_RodzinaRodzinie_Syria_16.jpg\"><img loading=\"lazy\" decoding=\"async\" class=\"alignnone size-large wp-image-1099\" src=\"http:\/\/caritas.elblag.pl\/wp-content\/uploads\/2020\/05\/CP_RodzinaRodzinie_Syria_16-1024x683.jpg\" alt=\"\" width=\"747\" height=\"498\" srcset=\"http:\/\/caritas.elblag.pl\/wp-content\/uploads\/2020\/05\/CP_RodzinaRodzinie_Syria_16-1024x683.jpg 1024w, http:\/\/caritas.elblag.pl\/wp-content\/uploads\/2020\/05\/CP_RodzinaRodzinie_Syria_16-300x200.jpg 300w, http:\/\/caritas.elblag.pl\/wp-content\/uploads\/2020\/05\/CP_RodzinaRodzinie_Syria_16-768x512.jpg 768w\" sizes=\"auto, (max-width: 747px) 100vw, 747px\" \/><\/a><\/p>\n<p><a href=\"http:\/\/caritas.elblag.pl\/wp-content\/uploads\/2020\/05\/CP_RodzinaRodzinie_Syria_20.jpg\"><img loading=\"lazy\" decoding=\"async\" class=\"alignnone size-large wp-image-1100\" src=\"http:\/\/caritas.elblag.pl\/wp-content\/uploads\/2020\/05\/CP_RodzinaRodzinie_Syria_20-1024x683.jpg\" alt=\"\" width=\"747\" height=\"498\" srcset=\"http:\/\/caritas.elblag.pl\/wp-content\/uploads\/2020\/05\/CP_RodzinaRodzinie_Syria_20-1024x683.jpg 1024w, http:\/\/caritas.elblag.pl\/wp-content\/uploads\/2020\/05\/CP_RodzinaRodzinie_Syria_20-300x200.jpg 300w, http:\/\/caritas.elblag.pl\/wp-content\/uploads\/2020\/05\/CP_RodzinaRodzinie_Syria_20-768x512.jpg 768w\" sizes=\"auto, (max-width: 747px) 100vw, 747px\" \/><\/a><\/p>\n<p><a href=\"http:\/\/caritas.elblag.pl\/wp-content\/uploads\/2020\/05\/CP_RodzinaRodzinie_Syria_26.jpg\"><img loading=\"lazy\" decoding=\"async\" class=\"alignnone size-large wp-image-1101\" src=\"http:\/\/caritas.elblag.pl\/wp-content\/uploads\/2020\/05\/CP_RodzinaRodzinie_Syria_26-1024x683.jpg\" alt=\"\" width=\"747\" height=\"498\" srcset=\"http:\/\/caritas.elblag.pl\/wp-content\/uploads\/2020\/05\/CP_RodzinaRodzinie_Syria_26-1024x683.jpg 1024w, http:\/\/caritas.elblag.pl\/wp-content\/uploads\/2020\/05\/CP_RodzinaRodzinie_Syria_26-300x200.jpg 300w, http:\/\/caritas.elblag.pl\/wp-content\/uploads\/2020\/05\/CP_RodzinaRodzinie_Syria_26-768x512.jpg 768w\" sizes=\"auto, (max-width: 747px) 100vw, 747px\" \/><\/a><\/p>\n<p><a href=\"http:\/\/caritas.elblag.pl\/wp-content\/uploads\/2020\/05\/CP_RodzinaRodzinie_Syria_27.jpg\"><img loading=\"lazy\" decoding=\"async\" class=\"alignnone size-large wp-image-1102\" src=\"http:\/\/caritas.elblag.pl\/wp-content\/uploads\/2020\/05\/CP_RodzinaRodzinie_Syria_27-1024x683.jpg\" alt=\"\" width=\"747\" height=\"498\" srcset=\"http:\/\/caritas.elblag.pl\/wp-content\/uploads\/2020\/05\/CP_RodzinaRodzinie_Syria_27-1024x683.jpg 1024w, http:\/\/caritas.elblag.pl\/wp-content\/uploads\/2020\/05\/CP_RodzinaRodzinie_Syria_27-300x200.jpg 300w, http:\/\/caritas.elblag.pl\/wp-content\/uploads\/2020\/05\/CP_RodzinaRodzinie_Syria_27-768x512.jpg 768w\" sizes=\"auto, (max-width: 747px) 100vw, 747px\" \/><\/a><\/p>\n<p><a href=\"http:\/\/caritas.elblag.pl\/wp-content\/uploads\/2020\/05\/CP_RodzinaRodzinie_Syria_glowne.jpg\"><img loading=\"lazy\" decoding=\"async\" class=\"alignnone size-large wp-image-1103\" src=\"http:\/\/caritas.elblag.pl\/wp-content\/uploads\/2020\/05\/CP_RodzinaRodzinie_Syria_glowne-1024x640.jpg\" alt=\"\" width=\"747\" height=\"467\" srcset=\"http:\/\/caritas.elblag.pl\/wp-content\/uploads\/2020\/05\/CP_RodzinaRodzinie_Syria_glowne-1024x640.jpg 1024w, http:\/\/caritas.elblag.pl\/wp-content\/uploads\/2020\/05\/CP_RodzinaRodzinie_Syria_glowne-300x188.jpg 300w, http:\/\/caritas.elblag.pl\/wp-content\/uploads\/2020\/05\/CP_RodzinaRodzinie_Syria_glowne-768x480.jpg 768w, http:\/\/caritas.elblag.pl\/wp-content\/uploads\/2020\/05\/CP_RodzinaRodzinie_Syria_glowne.jpg 2000w\" sizes=\"auto, (max-width: 747px) 100vw, 747px\" \/><\/a><\/p>\n<h3><\/h3>\n<p>&nbsp;<\/p>\n","protected":false},"excerpt":{"rendered":"Program Rodzina Rodzinie to najwi\u0119kszy program pomocy zagranicznej w historii Caritas Polska oraz najwi\u0119kszy program pomocy humanitarnej w historii Polski, w wyj\u0105tkowy spos\u00f3b \n<a class=\"moretag\" href=\"http:\/\/caritas.elblag.pl\/?page_id=1081\"> [...]<\/a>","protected":false},"author":1,"featured_media":0,"parent":0,"menu_order":0,"comment_status":"closed","ping_status":"closed","template":"","meta":{"_exactmetrics_skip_tracking":false,"_exactmetrics_sitenote_active":false,"_exactmetrics_sitenote_note":"","_exactmetrics_sitenote_category":0,"footnotes":""},"class_list":["post-1081","page","type-page","status-publish","hentry"],"_links":{"self":[{"href":"http:\/\/caritas.elblag.pl\/index.php?rest_route=\/wp\/v2\/pages\/1081","targetHints":{"allow":["GET"]}}],"collection":[{"href":"http:\/\/caritas.elblag.pl\/index.php?rest_route=\/wp\/v2\/pages"}],"about":[{"href":"http:\/\/caritas.elblag.pl\/index.php?rest_route=\/wp\/v2\/types\/page"}],"author":[{"embeddable":true,"href":"http:\/\/caritas.elblag.pl\/index.php?rest_route=\/wp\/v2\/users\/1"}],"replies":[{"embeddable":true,"href":"http:\/\/caritas.elblag.pl\/index.php?rest_route=%2Fwp%2Fv2%2Fcomments&post=1081"}],"version-history":[{"count":8,"href":"http:\/\/caritas.elblag.pl\/index.php?rest_route=\/wp\/v2\/pages\/1081\/revisions"}],"predecessor-version":[{"id":1105,"href":"http:\/\/caritas.elblag.pl\/index.php?rest_route=\/wp\/v2\/pages\/1081\/revisions\/1105"}],"wp:attachment":[{"href":"http:\/\/caritas.elblag.pl\/index.php?rest_route=%2Fwp%2Fv2%2Fmedia&parent=1081"}],"curies":[{"name":"wp","href":"https:\/\/api.w.org\/{rel}","templated":true}]}}