{"id":152,"date":"2015-04-23T11:18:42","date_gmt":"2015-04-23T09:18:42","guid":{"rendered":"http:\/\/caritaselblag.pl\/?page_id=152"},"modified":"2015-04-23T11:18:59","modified_gmt":"2015-04-23T09:18:59","slug":"regulamin-szkolnego-kola-caritas","status":"publish","type":"page","link":"http:\/\/caritas.elblag.pl\/?page_id=152","title":{"rendered":"Regulamin Szkolnego Ko\u0142a Caritas"},"content":{"rendered":"<p style=\"text-align: center;\">REGULAMIN<\/p>\n<p style=\"text-align: center;\">SZKOLNEGO KO\u0141A CARITAS<\/p>\n<p style=\"text-align: center;\">w Szkole &#8230;&#8230;&#8230;&#8230;&#8230;&#8230;&#8230;&#8230;&#8230;&#8230;&#8230;&#8230;&#8230;&#8230;&#8230;&#8230;&#8230;&#8230;&#8230;&#8230;&#8230; w&#8230;&#8230;&#8230;&#8230;..<\/p>\n<p style=\"text-align: center;\">W celu zaspokojenia duchowych i spo\u0142ecznych potrzeb m\u0142odego pokolenia katolik\u00f3w oraz<\/p>\n<p style=\"text-align: center;\">podejmowanie przez nich dzie\u0142 mi\u0142osierdzia, Caritas Diecezji &#8230;&#8230;&#8230;&#8230;&#8230;&#8230;&#8230;&#8230;&#8230;&#8230;&#8230;, zwana<\/p>\n<p style=\"text-align: center;\">dalej Caritas, na wniosek Dyrektora Szko\u0142y &#8230;&#8230;&#8230;&#8230;&#8230;&#8230;&#8230;&#8230;&#8230;&#8230;&#8230;&#8230;&#8230;. w &#8230;&#8230;&#8230;&#8230;&#8230;&#8230;&#8230;&#8230;&#8230;..<\/p>\n<p style=\"text-align: center;\">zwanej dalej \u201eSzko\u0142\u0105\u201d, powo\u0142uje Szkolne Ko\u0142o Caritas, zwane dalej \u201eKo\u0142em\u201d.<\/p>\n<p style=\"text-align: center;\">Szkolne Ko\u0142o Caritas kieruje si\u0119 niniejszym regulaminem.<\/p>\n<p style=\"text-align: center;\">POSTANOWIENIA OG\u00d3LNE<\/p>\n<p style=\"text-align: center;\">\u00a7 1<\/p>\n<p style=\"text-align: center;\">1. Podstaw\u0105 prawn\u0105 powo\u0142ania Ko\u0142a s\u0105:<\/p>\n<p style=\"text-align: center;\">a. \u00a7 ___________ Statutu Caritas Archi\/Diecezji &#8230;&#8230;&#8230;&#8230;&#8230;&#8230;&#8230;&#8230;&#8230;&#8230;&#8230;&#8230;&#8230;&#8230;&#8230;..,<\/p>\n<p style=\"text-align: center;\">b. Art. 56 ustawy z dnia 7 wrze\u015bnia 1991 r. o systemie o\u015bwiaty (tekst jednolity: Dz.<\/p>\n<p style=\"text-align: center;\">2. Ko\u0142o jest organizacj\u0105 m\u0142odzie\u017cow\u0105 powo\u0142ywan\u0105 przez Dyrektora Caritas, na wniosek<\/p>\n<p style=\"text-align: center;\">Dyrektora szko\u0142y, zgodnie z art. 56 ust. 2 ustawy o systemie o\u015bwiaty, dzia\u0142aj\u0105c\u0105 na terenie<\/p>\n<p style=\"text-align: center;\">szko\u0142y pod nadzorem Dyrektora szko\u0142y\u00a0 i w\u0142\u0105czaj\u0105c\u0105 si\u0119 na zasadzie wolontariatu w<\/p>\n<p style=\"text-align: center;\">dzia\u0142alno\u015b\u0107 charytatywno-opieku\u0144cz\u0105 oraz dzia\u0142alno\u015b\u0107 wychowawcz\u0105 prowadzon\u0105 przez<\/p>\n<p style=\"text-align: center;\">3. Ko\u0142o zrzesza m\u0142odzie\u017c szko\u0142y, w kt\u00f3rej zosta\u0142o powo\u0142ane, nie wykluczaj\u0105c m\u0142odzie\u017cy,<\/p>\n<p style=\"text-align: center;\">kt\u00f3ra r\u00f3wnocze\u015bnie nale\u017cy do innych organizacji, stowarzysze\u0144 czy te\u017c ruch\u00f3w, o ile ich<\/p>\n<p style=\"text-align: center;\">cele i dzia\u0142alno\u015b\u0107 nie s\u0105 ra\u017c\u0105co sprzeczne z dzia\u0142alno\u015bci\u0105 Ko\u0142a.<\/p>\n<p style=\"text-align: center;\">4. Terenem dzia\u0142ania Ko\u0142a jest teren szko\u0142y.<\/p>\n<p style=\"text-align: center;\">5. W podejmowanych dzia\u0142aniach Ko\u0142o stosuje si\u0119 do uregulowa\u0144 zawartych w Statucie<\/p>\n<p style=\"text-align: center;\">6. Ko\u0142o u\u017cywa prawnie zastrze\u017conej nazwy i znaku \u201eCaritas\u201d, dlatego jego dzia\u0142alno\u015b\u0107 musi<\/p>\n<p style=\"text-align: center;\">by\u0107 \u015bci\u015ble zwi\u0105zana i realizowana pod nadzorem Caritas.<\/p>\n<p style=\"text-align: center;\">U. z 1996 r. Nr 67, poz. 329 z p\u00f3\u017an. zm.).<\/p>\n<p style=\"text-align: center;\">\u00a7 2<\/p>\n<p style=\"text-align: center;\">1. W sprawach wychowawczych i organizacyjnych opiek\u0119 nad Ko\u0142em sprawuje Opiekun<\/p>\n<p style=\"text-align: center;\">Ko\u0142a, kt\u00f3rym jest nauczyciel szko\u0142y, zatwierdzony przez Dyrektora szko\u0142y w<\/p>\n<p style=\"text-align: center;\">porozumieniu z Dyrektorem Caritas.<\/p>\n<p style=\"text-align: center;\">2. Opiek\u0119 duchow\u0105 nad Ko\u0142em sprawuje Asystent Ko\u0142a wyznaczony przez Dyrektora<\/p>\n<p style=\"text-align: center;\">Caritas\/ Biskupa diecezjalnego*, kt\u00f3rego obowi\u0105zkiem jest\u00a0 praca formacyjna na rzecz<\/p>\n<p style=\"text-align: center;\">cz\u0142onk\u00f3w Ko\u0142a, poprzez \u015brodki rozwijaj\u0105ce \u017cycie wiary: S\u0142owo Bo\u017ce, nauka Ko\u015bcio\u0142a,<\/p>\n<p style=\"text-align: center;\">\u017cycie sakramentalne, kult Eucharystii, nabo\u017ce\u0144stwa, dni skupienia, rekolekcje,<\/p>\n<p style=\"text-align: center;\">pielgrzymki, konferencje, dialog ewangeliczny i inne. Asystent Ko\u0142a sprawuje piecz\u0119 nad<\/p>\n<p style=\"text-align: center;\">zgodno\u015bci\u0105 dzia\u0142alno\u015bci Ko\u0142a z nauczaniem Ko\u015bcio\u0142a Katolickiego i przyj\u0119tym<\/p>\n<p style=\"text-align: center;\">2Regulamin Szkolnego Ko\u0142a Caritas<\/p>\n<p style=\"text-align: center;\">CELE I ZADANIA KO\u0141A ORAZ SPOSOBY ICH REALIZACJI<\/p>\n<p style=\"text-align: center;\">\u00a7 3<\/p>\n<p style=\"text-align: center;\">Najistotniejszym celem dzia\u0142alno\u015bci Ko\u0142a jest praktyczna realizacja przykazania mi\u0142o\u015bci<\/p>\n<p style=\"text-align: center;\">bli\u017aniego, bez wzgl\u0119du na jego przekonania, wyznanie, narodowo\u015b\u0107 czy ras\u0119.<\/p>\n<p style=\"text-align: center;\">\u00a7 4<\/p>\n<p style=\"text-align: center;\">Zadania Ko\u0142a obejmuj\u0105 w szczeg\u00f3lno\u015bci:<\/p>\n<p style=\"text-align: center;\">1) pog\u0142\u0119bienie znajomo\u015bci nauki Jezusa Chrystusa przede wszystkim o mi\u0142osierdziu Bo\u017cym<\/p>\n<p style=\"text-align: center;\">2) uwra\u017cliwienie spo\u0142eczno\u015bci szkolnej na r\u00f3\u017cne obszary ludzkiej biedy,<\/p>\n<p style=\"text-align: center;\">3) krzewienie ducha czynnej mi\u0142o\u015bci bli\u017aniego,<\/p>\n<p style=\"text-align: center;\">4) stwarzanie atmosfery mobilizuj\u0105cej do wymagania od siebie i pracy nad sob\u0105, do<\/p>\n<p style=\"text-align: center;\">kszta\u0142towania osobowo\u015bci katolika i Polaka w d\u0105\u017ceniu do wszechstronnego rozwoju<\/p>\n<p style=\"text-align: center;\">m\u0142odego cz\u0142owieka i odpowiedzialno\u015bci za Ko\u015bci\u00f3\u0142 i Ojczyzn\u0119,<\/p>\n<p style=\"text-align: center;\">5) rozwijanie praktyk religijnych w \u017cyciu osobistym i wsp\u00f3lnotowym, zw\u0142aszcza pe\u0142nego<\/p>\n<p style=\"text-align: center;\">6) troska o zdobywanie wiedzy religijnej i og\u00f3lnej oraz podnoszenie kwalifikacji do<\/p>\n<p style=\"text-align: center;\">7) rozeznawanie konkretnych potrzeb w najbli\u017cszym \u015brodowisku, szkole, domu s\u0105siedztwie<\/p>\n<p style=\"text-align: center;\">8) sta\u0142\u0105 wsp\u00f3\u0142prac\u0119 i w\u0142\u0105czanie si\u0119 w akcje prowadzone przez Caritas i Parafialny Zesp\u00f3\u0142<\/p>\n<p style=\"text-align: center;\">Caritas na kt\u00f3rego terenie dzia\u0142a Ko\u0142o,<\/p>\n<p style=\"text-align: center;\">9) pomoc w organizowaniu wypoczynku dla dzieci,<\/p>\n<p style=\"text-align: center;\">10) pomoc dla poszkodowanych w kataklizmach i sytuacjach losowych,<\/p>\n<p style=\"text-align: center;\">11) wsp\u00f3\u0142dzia\u0142anie, przy zachowaniu w\u0142asnego katolickiego charakteru, z innymi<\/p>\n<p style=\"text-align: center;\">organizacjami m\u0142odzie\u017cowymi, w\u0142adzami publicznymi i organizacjami pozarz\u0105dowymi.<\/p>\n<p style=\"text-align: center;\">\u00a7 5<\/p>\n<p style=\"text-align: center;\">Zadania, o kt\u00f3rych mowa w \u00a7 4 Ko\u0142o realizuje w porozumieniu z Dyrektorem szko\u0142y<\/p>\n<p style=\"text-align: center;\">wykorzystuj\u0105c odpowiednie \u015brodki i sposoby dzia\u0142ania, a w szczeg\u00f3lno\u015bci poprzez:<\/p>\n<p style=\"text-align: center;\">1) organizowanie spotka\u0144, zjazd\u00f3w, sympozj\u00f3w, konferencji, prelekcji, dyskusji, kurs\u00f3w i<\/p>\n<p style=\"text-align: center;\">2) organizowanie imprez kulturalnych, religijnych, charytatywnych, poetycko-muzycznych,<\/p>\n<p style=\"text-align: center;\">akademii, wieczornic, spektakli teatralnych, koncert\u00f3w, konkurs\u00f3w, przegl\u0105d\u00f3w<\/p>\n<p style=\"text-align: center;\">filmowych, spotka\u0144 z zaproszonymi go\u015b\u0107mi i innych,<\/p>\n<p style=\"text-align: center;\">3) organizowanie imprez rekreacyjno-sportowych, festyn\u00f3w, konkurs\u00f3w fantowych, aukcji<\/p>\n<p style=\"text-align: center;\">wystaw, wydawanie gazetek i czasopism szkolnych, prowadzenie kroniki szkolnej,<\/p>\n<p style=\"text-align: center;\">4) udzia\u0142 w kwestach, zbi\u00f3rkach ofiar i dar\u00f3w organizowanych przez Caritas, a za zgod\u0105<\/p>\n<p style=\"text-align: center;\">Dyrektora Caritas i pod nadzorem opiekun\u00f3w Ko\u0142a w innych zbi\u00f3rkach i kwestach,<\/p>\n<p style=\"text-align: center;\">5) prowadzenie biblioteczki literatury religijnej i materia\u0142\u00f3w instrukta\u017cowych Caritas,<\/p>\n<p style=\"text-align: center;\">6) oddzia\u0142ywanie przez symbole organizacyjne.<\/p>\n<p style=\"text-align: center;\">3Regulamin Szkolnego Ko\u0142a Caritas<\/p>\n<p style=\"text-align: center;\">PRAWA I OBOWI\u0104ZKI CZ\u0141ONK\u00d3W KO\u0141A.<\/p>\n<p style=\"text-align: center;\">SYMPATYCY KO\u0141A<\/p>\n<p style=\"text-align: center;\">\u00a7 6<\/p>\n<p style=\"text-align: center;\">Cz\u0142onkiem Ko\u0142a mo\u017ce by\u0107 ka\u017cdy ucze\u0144, kt\u00f3ry w\u0142\u0105czy\u0142 si\u0119 w prac\u0119 Ko\u0142a, jako kandydat i<\/p>\n<p style=\"text-align: center;\">wyra\u017ca ch\u0119\u0107 pe\u0142nego w nim uczestnictwa, poprzez wype\u0142nianie obowi\u0105zk\u00f3w wynikaj\u0105cych z<\/p>\n<p style=\"text-align: center;\">\u00a7 7<\/p>\n<p style=\"text-align: center;\">1) korzystania z czynnego i biernego prawa wyborczego,<\/p>\n<p style=\"text-align: center;\">2) uczestniczenia w \u017cyciu i dzia\u0142alno\u015bci Ko\u0142a oraz wp\u0142ywania na jego kszta\u0142t,<\/p>\n<p style=\"text-align: center;\">3) udzielania por\u0119czenia dla kandydat\u00f3w na cz\u0142onk\u00f3w Ko\u0142a,<\/p>\n<p style=\"text-align: center;\">4) posiadania legitymacji cz\u0142onkowskiej Ko\u0142a,<\/p>\n<p style=\"text-align: center;\">\u00a7 8<\/p>\n<p style=\"text-align: center;\">1) \u017cycia i pracy w Kole zgodnie z zasadami wiary i moralno\u015bci Ko\u015bcio\u0142a Katolickiego,<\/p>\n<p style=\"text-align: center;\">2) d\u0105\u017cenia do urzeczywistnienia w sobie pe\u0142ni mi\u0142osierdzia chrze\u015bcija\u0144skiego, kt\u00f3re<\/p>\n<p style=\"text-align: center;\">powinno by\u0107 realizowane na trzech p\u0142aszczyznach: modlitwy &#8211; s\u0142owa \u2013 czynu,<\/p>\n<p style=\"text-align: center;\">3) dbania o dobre imi\u0119 Ojczyzny, Ko\u015bcio\u0142a, szko\u0142y i Ko\u0142a,<\/p>\n<p style=\"text-align: center;\">4) wype\u0142niania cel\u00f3w i zada\u0144 regulaminu, a tak\u017ce decyzji w\u0142adz Ko\u0142a,<\/p>\n<p style=\"text-align: center;\">5) troszczenia si\u0119 o rozw\u00f3j Ko\u0142a,<\/p>\n<p style=\"text-align: center;\">6) uczestniczenia w zebraniach Ko\u0142a,<\/p>\n<p style=\"text-align: center;\">7) posiadania indentyfikatora podczas prowadzenia akcji przez Ko\u0142o,<\/p>\n<p style=\"text-align: center;\">\u00a7 9<\/p>\n<p style=\"text-align: center;\">1. Kandydaci na cz\u0142onk\u00f3w Ko\u0142a maj\u0105 te same obowi\u0105zki co cz\u0142onkowie oraz prawo<\/p>\n<p style=\"text-align: center;\">uczestniczenia w dzia\u0142alno\u015bci Ko\u0142a.<\/p>\n<p style=\"text-align: center;\">2. Przyj\u0119cia w poczet kandydat\u00f3w dokonuje Zarz\u0105d Ko\u0142a na wniosek ubiegaj\u0105cego si\u0119 o<\/p>\n<p style=\"text-align: center;\">\u00a7 10<\/p>\n<p style=\"text-align: center;\">1. Uznania za cz\u0142onka Ko\u0142a dokonuje Zarz\u0105d Ko\u0142a na wniosek ubiegaj\u0105cego si\u0119 opatrzony<\/p>\n<p style=\"text-align: center;\">por\u0119czeniem dw\u00f3ch cz\u0142onk\u00f3w i zgod\u0105 rodzic\u00f3w (dla kandydat\u00f3w poni\u017cej 18-tego roku<\/p>\n<p style=\"text-align: center;\">\u017cycia), po p\u00f3\u0142rocznym okresie kandydackim.<\/p>\n<p style=\"text-align: center;\">2. Okres kandydacki mo\u017ce ulec skr\u00f3ceniu decyzj\u0105 Zarz\u0105du Ko\u0142a.<\/p>\n<p style=\"text-align: center;\">3. Cz\u0142onkiem Ko\u0142a nie mo\u017ce zosta\u0107 osoba podlegaj\u0105ca karze ko\u015bcielnej zgodnie z<\/p>\n<p style=\"text-align: center;\">przepisami Kodeksu Prawa Kanonicznego.<\/p>\n<p style=\"text-align: center;\">\u00a7 11<\/p>\n<p style=\"text-align: center;\">Uroczyste przyj\u0119cie w poczet cz\u0142onk\u00f3w Ko\u0142a i wr\u0119czenie legitymacji odbywa si\u0119 w dniu<\/p>\n<p style=\"text-align: center;\">\u015awi\u0119ta Patronalnego Caritas &#8211; Niedziela Mi\u0142osierdzia lub w inny dzie\u0144 ustalony z<\/p>\n<p style=\"text-align: center;\">\u00a7 12<\/p>\n<p style=\"text-align: center;\">4Regulamin Szkolnego Ko\u0142a Caritas<\/p>\n<p style=\"text-align: center;\">1. W dzia\u0142alno\u015b\u0107 Ko\u0142a mog\u0105 w\u0142\u0105cza\u0107 si\u0119 uczniowie nie b\u0119d\u0105cy cz\u0142onkami Ko\u0142a lub<\/p>\n<p style=\"text-align: center;\">uczniowie innej szko\u0142y, na zasadzie sympatyka Ko\u0142a.<\/p>\n<p style=\"text-align: center;\">2. Cz\u0142onkowie Ko\u0142a mog\u0105 bra\u0107 udzia\u0142 na zasadzie wolontariatu w pracach r\u00f3\u017cnego rodzaju<\/p>\n<p style=\"text-align: center;\">plac\u00f3wek charytatywnych, opieku\u0144czych i wychowawczych oraz na rzecz os\u00f3b<\/p>\n<p style=\"text-align: center;\">potrzebuj\u0105cych pozostaj\u0105cych w domach,<\/p>\n<p style=\"text-align: center;\">\u00a7 13<\/p>\n<p style=\"text-align: center;\">Cz\u0142onkostwo w Kole ustaje poprzez:<\/p>\n<p style=\"text-align: center;\">1) uko\u0144czenie lub zmian\u0119 szko\u0142y,<\/p>\n<p style=\"text-align: center;\">2) dobrowolne wyst\u0105pienie z Ko\u0142a,<\/p>\n<p style=\"text-align: center;\">3) skre\u015blenie przez Zarz\u0105d Ko\u0142a oparte na opinii S\u0105du Kole\u017ce\u0144skiego.<\/p>\n<p style=\"text-align: center;\">\u00a7 14<\/p>\n<p style=\"text-align: center;\">1. Ko\u0142o mo\u017ce skupia\u0107 w swoich szeregach cz\u0142onk\u00f3w senior\u00f3w i cz\u0142onk\u00f3w honorowych.<\/p>\n<p style=\"text-align: center;\">2. Cz\u0142onkiem seniorem jest ka\u017cdy absolwent szko\u0142y, kt\u00f3ry by\u0142 cz\u0142onkiem Ko\u0142a i nadal<\/p>\n<p style=\"text-align: center;\">pragnie kontynuowa\u0107 dzia\u0142alno\u015b\u0107 w Kole, podejmuj\u0105c wszystkie obowi\u0105zki. Cz\u0142onek<\/p>\n<p style=\"text-align: center;\">senior posiada wszystkie prawa cz\u0142onka opr\u00f3cz prawa wyborczego.<\/p>\n<p style=\"text-align: center;\">3. Cz\u0142onkiem honorowym mo\u017ce by\u0107 osoba fizyczna lub prawna, kt\u00f3ra decyzj\u0105 Zarz\u0105du Ko\u0142a<\/p>\n<p style=\"text-align: center;\">otrzyma\u0142a taki tytu\u0142 za znacz\u0105ce zas\u0142ugi dla Ko\u0142a.<\/p>\n<p style=\"text-align: center;\">W\u0141ADZE KO\u0141A<\/p>\n<p style=\"text-align: center;\">\u00a7 15<\/p>\n<p style=\"text-align: center;\">2)\u00a0 Walne Zgromadzenie Cz\u0142onk\u00f3w Ko\u0142a,<\/p>\n<p style=\"text-align: center;\">\u00a7 16<\/p>\n<p style=\"text-align: center;\">Pracami Ko\u0142a kieruje Zarz\u0105d, w sk\u0142adzie:<\/p>\n<p style=\"text-align: center;\">1) przewodnicz\u0105cy, zast\u0119pca przewodniczacego, sekretarz i skarbnik, wybrani przez<\/p>\n<p style=\"text-align: center;\">Walne Zgromadzenie Cz\u0142onk\u00f3w Ko\u0142a spo\u015br\u00f3d cz\u0142onk\u00f3w Ko\u0142a<\/p>\n<p style=\"text-align: center;\">2) Opiek\u0119 i nadz\u00f3r nad prac\u0105 Zarz\u0105du sprawuj\u0105 Opiekun Ko\u0142a i Asystent Ko\u0142a,<\/p>\n<p style=\"text-align: center;\">\u00a7 17<\/p>\n<p style=\"text-align: center;\">1) planowanie kierunk\u00f3w formacji i dzia\u0142alno\u015bci Ko\u0142a w danym roku szkolnym, z<\/p>\n<p style=\"text-align: center;\">uwzgl\u0119dnieniem konkretnych potrzeb i realnych mo\u017cliwo\u015bci,<\/p>\n<p style=\"text-align: center;\">2) czuwanie nad dzia\u0142alno\u015bci\u0105 Ko\u0142a na terenie szko\u0142y oraz podejmowanie decyzji i<\/p>\n<p style=\"text-align: center;\">nawi\u0105zywanie wsp\u00f3\u0142pracy w dzia\u0142aniach zewn\u0119trznych,<\/p>\n<p style=\"text-align: center;\">3) inspirowanie cz\u0142onk\u00f3w Ko\u0142a do podejmowania dzia\u0142a\u0144,<\/p>\n<p style=\"text-align: center;\">4) powo\u0142ywanie sekcji tematycznych,<\/p>\n<p style=\"text-align: center;\">5) ustalanie termin\u00f3w zebra\u0144 Ko\u0142a,<\/p>\n<p style=\"text-align: center;\">6) ustalanie terminu Walnego Zgromadzenia Cz\u0142onk\u00f3w Ko\u0142a,<\/p>\n<p style=\"text-align: center;\">5Regulamin Szkolnego Ko\u0142a Caritas<\/p>\n<p style=\"text-align: center;\">7) przyjmowanie i w razie konieczno\u015bci usuwanie cz\u0142onk\u00f3w, kandydat\u00f3w i sympatyk\u00f3w<\/p>\n<p style=\"text-align: center;\">8) rozstrzyganie spraw spornych mi\u0119dzy cz\u0142onkami,<\/p>\n<p style=\"text-align: center;\">9) reprezentowanie Ko\u0142a na zewn\u0105trz,<\/p>\n<p style=\"text-align: center;\">10) sta\u0142y kontakt z Caritas i Dyrektorem Szko\u0142y w sprawach wymagaj\u0105cych uzgodnienia<\/p>\n<p style=\"text-align: center;\">lub nieuwzgl\u0119dnionych w regulaminie,<\/p>\n<p style=\"text-align: center;\">11) proponowanie Caritas zmian regulaminu Ko\u0142a,<\/p>\n<p style=\"text-align: center;\">12) decydowanie o wydatkach Ko\u0142a,<\/p>\n<p style=\"text-align: center;\">13) przedstawianie Caritas sprawozdania merytorycznego i finansowego z rocznej<\/p>\n<p style=\"text-align: center;\">dzia\u0142alno\u015bci Ko\u0142a przed zako\u0144czeniem roku szkolnego.<\/p>\n<p style=\"text-align: center;\">\u00a7 18<\/p>\n<p style=\"text-align: center;\">1. W celu lepszego wype\u0142niania zada\u0144 Ko\u0142a mog\u0105 by\u0107 powo\u0142ane sekcje tematyczne dla<\/p>\n<p style=\"text-align: center;\">u\u0142atwienia organizacji pracy Ko\u0142a i realizacji specjalnych cel\u00f3w. Mo\u017ce to by\u0107 podzia\u0142 ze<\/p>\n<p style=\"text-align: center;\">wzgl\u0119du na wiek, zainteresowania, zdolno\u015bci lub zaistnia\u0142e potrzeby (np. sekcja<\/p>\n<p style=\"text-align: center;\">formacyjna, kulturalna, artystyczna, muzyczna, plastyczna, gospodarcza, hospicyjna,<\/p>\n<p style=\"text-align: center;\">opieku\u0144cza, wychowawcza, \u015bwietlicowa, klasowa itp.).<\/p>\n<p style=\"text-align: center;\">2. Sekcje tematyczne powo\u0142uje Zarz\u0105d Ko\u0142a.<\/p>\n<p style=\"text-align: center;\">\u00a7 19<\/p>\n<p style=\"text-align: center;\">1. Walne Zgromadzenie Cz\u0142onk\u00f3w Ko\u0142a odbywa si\u0119 przynajmniej 2 razy w ci\u0105gu roku<\/p>\n<p style=\"text-align: center;\">2. Do zada\u0144 Walnego Zgromadzenia nale\u017cy:<\/p>\n<p style=\"text-align: center;\">1) wyb\u00f3r cz\u0142onk\u00f3w Zarz\u0105du Ko\u0142a,<\/p>\n<p style=\"text-align: center;\">2) wyb\u00f3r cz\u0142onk\u00f3w S\u0105du Kole\u017ce\u0144skiego,<\/p>\n<p style=\"text-align: center;\">3) ustalenie priorytet\u00f3w zada\u0144 Ko\u0142a na czas do nast\u0119pnego Walnego Zgromadzenia,<\/p>\n<p style=\"text-align: center;\">4) rozpatrywanie odwo\u0142a\u0144 od decyzji S\u0105du Kole\u017ce\u0144skiego,<\/p>\n<p style=\"text-align: center;\">3. W Walnym zgromadzeniu maj\u0105 prawo udzia\u0142u Asystent Ko\u0142a oraz Opiekun Ko\u0142a z<\/p>\n<p style=\"text-align: center;\">4. Decyzje Walnego Zgromadzenie Cz\u0142onk\u00f3w Ko\u0142a podejmowane s\u0105 zwyk\u0142\u0105 wi\u0119kszo\u015bci\u0105<\/p>\n<p style=\"text-align: center;\">5. Decyzje Walnego Zgromadzenia Cz\u0142onk\u00f3w Ko\u0142a s\u0105 wa\u017cne po ich zatwierdzeniu przez<\/p>\n<p style=\"text-align: center;\">Asystenta Ko\u0142a, Opiekuna Ko\u0142a i Dyrektora szko\u0142y.<\/p>\n<p style=\"text-align: center;\">\u00a7 20<\/p>\n<p style=\"text-align: center;\">1. Walne Zgromadzenie powo\u0142uje S\u0105d kole\u017ce\u0144ski sk\u0142adaj\u0105cy si\u0119 z 3 cz\u0142onk\u00f3w Ko\u0142a.<\/p>\n<p style=\"text-align: center;\">2. Do kompetencji S\u0105du Kole\u017ce\u0144skiego nale\u017cy:<\/p>\n<p style=\"text-align: center;\">1) rozpatrywanie wszelkich spraw konfliktowych w pracy Ko\u0142a,<\/p>\n<p style=\"text-align: center;\">2) rozpatrywanie narusze\u0144 regulaminu Ko\u0142a,<\/p>\n<p style=\"text-align: center;\">3) wydawanie, na wniosek Zarz\u0105du, opinii w sprawie skre\u015blenia z listy cz\u0142onk\u00f3w Ko\u0142a,<\/p>\n<p style=\"text-align: center;\">3. S\u0105d Kole\u017ce\u0144ski rozpatruje sprawy na posiedzeniu, z kt\u00f3rego sporzadza protok\u00f3\u0142<\/p>\n<p style=\"text-align: center;\">4. Od decyzji S\u0105du Kole\u017ce\u0144skiego przys\u0142uguje odwo\u0142anie do Walnego Zgromadzenia<\/p>\n<p style=\"text-align: center;\">\u00a7 21<\/p>\n<p style=\"text-align: center;\">1) Dyrektor Caritas lub pisemnie upowa\u017cniony jego przedstawiciel,<\/p>\n<p style=\"text-align: center;\">6Regulamin Szkolnego Ko\u0142a Caritas<\/p>\n<p style=\"text-align: center;\">4) 3 cz\u0142onk\u00f3w Ko\u0142a wybranych przez Walne Zgromadzenie Cz\u0142onk\u00f3w Ko\u0142a.<\/p>\n<p style=\"text-align: center;\">2. Komisja Rewizyjna ma prawo dokonywania kontroli ca\u0142okszta\u0142tu dzia\u0142alno\u015bci Ko\u0142a, w tym<\/p>\n<p style=\"text-align: center;\">MAJ\u0104TEK KO\u0141A<\/p>\n<p style=\"text-align: center;\">\u00a7 22<\/p>\n<p style=\"text-align: center;\">1) sk\u0142adki cz\u0142onkowskie i inne zobowi\u0105zania cz\u0142onk\u00f3w na rzecz Ko\u0142a, o ile ich zbieranie<\/p>\n<p style=\"text-align: center;\">2) \u015brodki finansowe z innych \u017ar\u00f3de\u0142 przeznaczone na potrzeby Ko\u0142a.<\/p>\n<p style=\"text-align: center;\">\u00a7 23<\/p>\n<p style=\"text-align: center;\">1) prowadzenie zestawienia wp\u0142yw\u00f3w i wydatk\u00f3w,<\/p>\n<p style=\"text-align: center;\">2) zbieranie funduszy i przekazywanie ich Opiekunowi Ko\u0142a,<\/p>\n<p style=\"text-align: center;\">3) czuwanie nad prawid\u0142owo\u015bci\u0105 rozporz\u0105dze\u0144 maj\u0105tkowych zgodnie z decyzjami<\/p>\n<p style=\"text-align: center;\">Zarz\u0105du, za co osobi\u015bcie odpowiada,<\/p>\n<p style=\"text-align: center;\">4) sk\u0142adanie kwartalnego sprawozdania Zarz\u0105dowi Ko\u0142a.<\/p>\n<p style=\"text-align: center;\">\u00a7 24<\/p>\n<p style=\"text-align: center;\">Wszystkie fundusze zgromadzone przez Ko\u0142o na cele charytatywne stanowi\u0105 maj\u0105tek Caritas<\/p>\n<p style=\"text-align: center;\">jako ofiary zgromadzone pod zastrze\u017conym prawnie znakiem Caritas i za zgod\u0105 Dyrektora<\/p>\n<p style=\"text-align: center;\">\u00a7 25<\/p>\n<p style=\"text-align: center;\">1. Dyrektor Caritas mo\u017ce wyrazi\u0107 zgod\u0119 na gromadzenie przez Ko\u0142o wi\u0119kszej ilo\u015bci<\/p>\n<p style=\"text-align: center;\">funduszy (np. na operacj\u0119 lub inn\u0105 pomoc dla uczni\u00f3w szko\u0142y). Pieni\u0105dze te b\u0119d\u0105<\/p>\n<p style=\"text-align: center;\">przechowywane na specjalnie otwartym subkoncie oraz wydatkowane w porozumieniu z<\/p>\n<p style=\"text-align: center;\">2. W razie niespo\u017cytkowania wszystkich funduszy na okre\u015blony cel, Dyrektor Caritas, jako<\/p>\n<p style=\"text-align: center;\">dysponuj\u0105cy maj\u0105tkiem Caritas, przeznaczy je w porozumieniu z Zarz\u0105dem Ko\u0142a oraz<\/p>\n<p style=\"text-align: center;\">Dyrektorem szko\u0142y, na inne cele charytatywne.<\/p>\n<p style=\"text-align: center;\">\u00a7 26<\/p>\n<p style=\"text-align: center;\">Caritas nie odpowiada za zobowi\u0105zania Ko\u0142a, a w szczeg\u00f3lno\u015bci za zobowi\u0105zania finansowe,<\/p>\n<p style=\"text-align: center;\">kt\u00f3re nie by\u0142y uzgodnione i pisemnie zaakceptowane przez Dyrektora Caritas.<\/p>\n<p style=\"text-align: center;\">PATRON, \u015aWI\u0118TO I SYMBOLE<\/p>\n<p style=\"text-align: center;\">\u00a7 27<\/p>\n<p style=\"text-align: center;\">7Regulamin Szkolnego Ko\u0142a Caritas<\/p>\n<p style=\"text-align: center;\">\u015awi\u0119tem patronalnym Caritas jest liturgiczny dzie\u0144 ku czci Mi\u0142osierdzia Bo\u017cego &#8211; I niedziela<\/p>\n<p style=\"text-align: center;\">\u00a7 28<\/p>\n<p style=\"text-align: center;\">1. Ko\u0142o wybiera swojego Patrona spo\u015br\u00f3d \u015awi\u0119tych i B\u0142ogos\u0142awionych, najlepiej tych,<\/p>\n<p style=\"text-align: center;\">kt\u00f3rzy szczeg\u00f3lnie zas\u0142u\u017cyli si\u0119 na polu mi\u0142osierdzia.<\/p>\n<p style=\"text-align: center;\">2. Ko\u0142o ustanawia \u015awi\u0119to Ko\u0142a w dniu liturgicznego wspomnienia Patrona Ko\u0142a.<\/p>\n<p style=\"text-align: center;\">3. Ko\u0142o mo\u017ce ustali\u0107 pie\u015b\u0144, kt\u00f3ra b\u0119dzie hymnem Ko\u0142a i modlitw\u0119, kt\u00f3ra b\u0119dzie wsp\u00f3ln\u0105<\/p>\n<p style=\"text-align: center;\">\u00a7 29<\/p>\n<p style=\"text-align: center;\">Ko\u0142o mo\u017ce u\u017cywa\u0107 zastrze\u017conego znaku Caritas: czerwonego; r\u00f3wnoramiennego Krzy\u017ca z<\/p>\n<p style=\"text-align: center;\">potr\u00f3jnymi promieniami falistymi, wychodz\u0105cymi z ka\u017cdego wewn\u0119trznego k\u0105ta mi\u0119dzy<\/p>\n<p style=\"text-align: center;\">ramionami Krzy\u017ca oraz literami bia\u0142ymi: &#8220;Caritas&#8221;, wpisanymi w stylizowanej formie<\/p>\n<p style=\"text-align: center;\">symbolu serca z napisem w otoku \u201eSzkolne Ko\u0142o Caritas \u2013 Szko\u0142a &#8230;.. w &#8230;&#8230;.\u00a0 Diecezja &#8230;.\u201d<\/p>\n<p style=\"text-align: center;\">PRZEPISY KO\u0143COWE<\/p>\n<p style=\"text-align: center;\">\u00a7 30<\/p>\n<p style=\"text-align: center;\">Regulamin obowi\u0105zuje wszystkie osoby zrzeszone w Kole. W przypadku \u015bwiadomego<\/p>\n<p style=\"text-align: center;\">naruszania regulaminu, Zarz\u0105d mo\u017ce udzieli\u0107 upomnienia, nagany, zawieszenia w<\/p>\n<p style=\"text-align: center;\">czynno\u015bciach cz\u0142onka lub wnioskowa\u0107 o usuni\u0119cie z Ko\u0142a.<\/p>\n<p style=\"text-align: center;\">\u00a7 31<\/p>\n<p style=\"text-align: center;\">Zmiana regulaminu Ko\u0142a wymaga formy pisemnej, zatwierdzonej obustronnie przez Caritas i<\/p>\n<p style=\"text-align: center;\">\u00a7 32<\/p>\n<p style=\"text-align: center;\">1. Decyzj\u0119 o rozwi\u0105zaniu Ko\u0142a podejmuje Dyrektor Caritas na wniosek Zarz\u0105du Ko\u0142a\u00a0 lub<\/p>\n<p style=\"text-align: center;\">2. Caritas mo\u017ce r\u00f3wnie\u017c rozwi\u0105za\u0107 Ko\u0142o, gdy jego dzia\u0142alno\u015b\u0107 obraca si\u0119 na powa\u017cn\u0105<\/p>\n<p style=\"text-align: center;\">szkod\u0119 Caritas lub Ko\u015bcio\u0142a w porozumieniu z Dyrektorem szko\u0142y.<\/p>\n<p style=\"text-align: center;\">\u00a7 33<\/p>\n<p style=\"text-align: center;\">Likwidacj\u0119 maj\u0105tku Ko\u0142a przeprowadza Komisja Rewizyjna lub osoba wyznaczona przez<\/p>\n<p style=\"text-align: center;\">Caritas. Fundusze na cele charytatywne przekazane zostaj\u0105 do Caritas, a maj\u0105tek Ko\u0142a<\/p>\n<p style=\"text-align: center;\">spo\u017cytkowany zgodnie z decyzj\u0105 Zarz\u0105du i wol\u0105 cz\u0142onk\u00f3w &#8211; zawsze na cele charytatywne.<\/p>\n<p style=\"text-align: center;\">DYREKTOR CARITAS\/ BISKUP DIECEZJALNY * &#8230;&#8230;&#8230;&#8230;&#8230;&#8230;&#8230;&#8230;&#8230;&#8230;&#8230;&#8230;&#8230;&#8230;&#8230;&#8230;&#8230;&#8230;&#8230;<\/p>\n","protected":false},"excerpt":{"rendered":"REGULAMIN SZKOLNEGO KO\u0141A CARITAS w Szkole &#8230;&#8230;&#8230;&#8230;&#8230;&#8230;&#8230;&#8230;&#8230;&#8230;&#8230;&#8230;&#8230;&#8230;&#8230;&#8230;&#8230;&#8230;&#8230;&#8230;&#8230; w&#8230;&#8230;&#8230;&#8230;.. W celu zaspokojenia duchowych i spo\u0142ecznych potrzeb m\u0142odego pokolenia katolik\u00f3w oraz podejmowanie przez nich dzie\u0142 \n<a class=\"moretag\" href=\"http:\/\/caritas.elblag.pl\/?page_id=152\"> [...]<\/a>","protected":false},"author":1,"featured_media":0,"parent":71,"menu_order":0,"comment_status":"closed","ping_status":"closed","template":"","meta":{"_exactmetrics_skip_tracking":false,"_exactmetrics_sitenote_active":false,"_exactmetrics_sitenote_note":"","_exactmetrics_sitenote_category":0,"footnotes":""},"class_list":["post-152","page","type-page","status-publish","hentry"],"_links":{"self":[{"href":"http:\/\/caritas.elblag.pl\/index.php?rest_route=\/wp\/v2\/pages\/152","targetHints":{"allow":["GET"]}}],"collection":[{"href":"http:\/\/caritas.elblag.pl\/index.php?rest_route=\/wp\/v2\/pages"}],"about":[{"href":"http:\/\/caritas.elblag.pl\/index.php?rest_route=\/wp\/v2\/types\/page"}],"author":[{"embeddable":true,"href":"http:\/\/caritas.elblag.pl\/index.php?rest_route=\/wp\/v2\/users\/1"}],"replies":[{"embeddable":true,"href":"http:\/\/caritas.elblag.pl\/index.php?rest_route=%2Fwp%2Fv2%2Fcomments&post=152"}],"version-history":[{"count":2,"href":"http:\/\/caritas.elblag.pl\/index.php?rest_route=\/wp\/v2\/pages\/152\/revisions"}],"predecessor-version":[{"id":154,"href":"http:\/\/caritas.elblag.pl\/index.php?rest_route=\/wp\/v2\/pages\/152\/revisions\/154"}],"up":[{"embeddable":true,"href":"http:\/\/caritas.elblag.pl\/index.php?rest_route=\/wp\/v2\/pages\/71"}],"wp:attachment":[{"href":"http:\/\/caritas.elblag.pl\/index.php?rest_route=%2Fwp%2Fv2%2Fmedia&parent=152"}],"curies":[{"name":"wp","href":"https:\/\/api.w.org\/{rel}","templated":true}]}}